{"id":25,"date":"2016-01-13T10:18:50","date_gmt":"2016-01-13T09:18:50","guid":{"rendered":"http:\/\/lea-doukhan-avocat.fr\/?page_id=25"},"modified":"2019-12-30T17:59:36","modified_gmt":"2019-12-30T16:59:36","slug":"avocat-paris-cabinet","status":"publish","type":"page","link":"https:\/\/lea-doukhan-avocat.fr\/index.php\/avocat-paris-cabinet\/","title":{"rendered":"LE CABINET"},"content":{"rendered":"<p>[vc_row][vc_column width=\u00a0\u00bb1\/4&Prime;][\/vc_column][vc_column width=\u00a0\u00bb3\/4&Prime;][vc_column_text css=\u00a0\u00bb.vc_custom_1577725174129{margin-bottom: 5px !important;}\u00a0\u00bb]<\/p>\n<h1 style=\"text-align: center;\"><span style=\"color: #53348b;\">Cabinet de Ma\u00eetre L\u00e9a Doukhan<\/span><\/h1>\n<p>[\/vc_column_text][vc_column_text css=\u00a0\u00bb.vc_custom_1464085683378{margin-top: 0px !important;border-top-width: 0px !important;padding-top: 0px !important;}\u00a0\u00bb]<\/p>\n<h2 style=\"text-align: center;\"><span style=\"color: #808080;\">Avocat \u00e0 Paris<\/span><\/h2>\n<p>[\/vc_column_text][\/vc_column][\/vc_row][vc_row][vc_column width=\u00a0\u00bb1\/4&Prime;][vc_column_text]<\/p>\n<h2>\u00ab\u00a0Ouvre ta bouche pour le muet, pour la cause de tous les d\u00e9laiss\u00e9s.<br \/>\nOuvre ta bouche, juge avec justice, et fais droit \u00e0 l\u2019afflig\u00e9 et au pauvre.\u00a0\u00bb<\/h2>\n<p><em>Proverbe 31:8-9<\/em>[\/vc_column_text][vc_single_image image=\u00a0\u00bb117&Prime; img_size=\u00a0\u00bbfull\u00a0\u00bb alignment=\u00a0\u00bbcenter\u00a0\u00bb][\/vc_column][vc_column width=\u00a0\u00bb3\/4&Prime;][vc_column_text]<\/p>\n<p style=\"text-align: justify;\">Bien plus qu\u2019une profession, l\u2019avocature est depuis toujours, pour <a href=\"http:\/\/lea-doukhan-avocat.fr\/index.php\/contact-avocat-paris\/\">Ma\u00eetre L\u00e9a DOUKHAN<\/a>, une vocation.<\/p>\n<p style=\"text-align: justify;\">C\u2019est donc naturellement qu\u2019apr\u00e8s une ann\u00e9e d\u2019hypokh\u00e2gne elle a d\u00e9cid\u00e9 de poursuivre des \u00e9tudes de <strong>droit \u00e0 l\u2019universit\u00e9<\/strong> PARIS 1 Panth\u00e9on Sorbonne. Elle y a obtenu un <a href=\"http:\/\/lea-doukhan-avocat.fr\/index.php\/domaines\/droit-commercial\/\"><strong>Master I de droit des affaires<\/strong><\/a> puis un\u00a0<a href=\"http:\/\/lea-doukhan-avocat.fr\/index.php\/domaines\/droit-du-travail\/\"><strong>Master II en droit patrimonial approfondi<\/strong><\/a>, ce qui lui a permis d\u2019avoir une solide formation en droit des contrats civils et commerciaux, droit de la famille, et droit des biens.<\/p>\n<p style=\"text-align: justify;\">Apr\u00e8s l\u2019obtention de son CAPA et d\u00e8s la prestation de serment, elle a int\u00e9gr\u00e9, en tant que collaboratrice, un cabinet parisien pluridisciplinaire au sein duquel elle a exerc\u00e9 pendant 4 ann\u00e9es dans divers domaines tels que le <a href=\"http:\/\/lea-doukhan-avocat.fr\/index.php\/domaines\/droit-commercial\/\">droit commercial<\/a>, le <a href=\"http:\/\/lea-doukhan-avocat.fr\/index.php\/domaines\/droit-de-la-famille\/\">droit de la famille<\/a>, le <a href=\"http:\/\/lea-doukhan-avocat.fr\/index.php\/domaines\/droit-prive\/\">droit des proc\u00e9dures collectives<\/a>, et le <a href=\"http:\/\/lea-doukhan-avocat.fr\/index.php\/domaines\/droit-du-travail\/\">droit du travail<\/a>.<\/p>\n<p style=\"text-align: justify;\">Forte de cette exp\u00e9rience en Cabinet et des nombreux enseignements tant th\u00e9oriques que pratiques qu\u2019elle en a tir\u00e9s, <strong>Ma\u00eetre L\u00e9a DOUKHAN<\/strong> a d\u00e9cid\u00e9 de fonder sa propre structure professionnelle.<\/p>\n<p style=\"text-align: justify;\"><a href=\"http:\/\/lea-doukhan-avocat.fr\/index.php\/avocat-paris-cabinet\/\">Son Cabinet<\/a>, situ\u00e9 au c\u0153ur du <a href=\"http:\/\/lea-doukhan-avocat.fr\/index.php\/contact-avocat-paris\/\">17\u00e8me arrondissement<\/a>, non loin de la place de l\u2019Etoile, a pour ambition premi\u00e8re d\u2019\u00eatre proche des clients, en offrant \u00e0 chacun un accueil personnalis\u00e9 et une \u00e9coute particuli\u00e8re.<\/p>\n<p style=\"text-align: justify;\">Parce que chaque client, et partant chaque dossier, est unique, <a href=\"http:\/\/lea-doukhan-avocat.fr\/\">Ma\u00eetre L\u00e9a DOUKHAN, votre avocat \u00e0 PARIS,<\/a> a \u00e0 c\u0153ur d\u2019apporter \u00e0 chacun une r\u00e9ponse claire et rapide, et de mettre toutes ses comp\u00e9tences au service d\u2019une analyse juridique pointue.<\/p>\n<p style=\"text-align: justify;\">A cet effet, Ma\u00eetre L\u00e9a DOUKHAN traite personnellement l\u2019ensemble des dossiers qui lui sont confi\u00e9s. Elle privil\u00e9gie une <strong>relation de proximit\u00e9 avec ses clients<\/strong>, qui peuvent donc facilement acc\u00e9der \u00e0 l\u2019Avocat qu\u2019ils ont sp\u00e9cifiquement choisi et s\u2019entretenir directement avec lui de fa\u00e7on r\u00e9guli\u00e8re.<\/p>\n<p style=\"text-align: justify;\"><span style=\"text-decoration: underline;\">Disponible<\/span>, <span style=\"text-decoration: underline;\">r\u00e9active<\/span>, et <span style=\"text-decoration: underline;\">combative<\/span>,<strong> Ma\u00eetre L\u00e9a DOUKHAN<\/strong>, votre <strong>avocat<\/strong> \u00e0 <a href=\"http:\/\/lea-doukhan-avocat.fr\/index.php\/contact-avocat-paris\/\">PARIS<\/a>, vous conseille, vous repr\u00e9sente et vous assiste devant l\u2019ensemble des juridictions fran\u00e7aises dans le respect de la d\u00e9ontologie et du secret professionnel.<\/p>\n<p>[\/vc_column_text][\/vc_column][\/vc_row]<\/p>\n","protected":false},"excerpt":{"rendered":"<p>[vc_row][vc_column width=\u00a0\u00bb1\/4&Prime;][\/vc_column][vc_column width=\u00a0\u00bb3\/4&Prime;][vc_column_text css=\u00a0\u00bb.vc_custom_1577725174129{margin-bottom: 5px !important;}\u00a0\u00bb] Cabinet de Ma\u00eetre L\u00e9a Doukhan [\/vc_column_text][vc_column_text css=\u00a0\u00bb.vc_custom_1464085683378{margin-top: 0px !important;border-top-width: 0px !important;padding-top: 0px !important;}\u00a0\u00bb] Avocat \u00e0 Paris [\/vc_column_text][\/vc_column][\/vc_row][vc_row][vc_column width=\u00a0\u00bb1\/4&Prime;][vc_column_text] \u00ab\u00a0Ouvre ta<span class=\"excerpt-hellip\"> [\u2026]<\/span><\/p>\n","protected":false},"author":1,"featured_media":0,"parent":0,"menu_order":0,"comment_status":"closed","ping_status":"closed","template":"","meta":{"_links_to":"","_links_to_target":""},"yoast_head":"<!-- This site is optimized with the Yoast SEO plugin v17.8 - https:\/\/yoast.com\/wordpress\/plugins\/seo\/ -->\n<title>LE CABINET | Ma\u00eetre L\u00e9a Doukhan<\/title>\n<meta name=\"robots\" content=\"index, follow, max-snippet:-1, max-image-preview:large, max-video-preview:-1\" \/>\n<link rel=\"canonical\" href=\"https:\/\/lea-doukhan-avocat.fr\/index.php\/avocat-paris-cabinet\/\" \/>\n<meta property=\"og:locale\" content=\"fr_FR\" \/>\n<meta property=\"og:type\" content=\"article\" \/>\n<meta property=\"og:title\" content=\"LE CABINET | Ma\u00eetre L\u00e9a Doukhan\" \/>\n<meta property=\"og:description\" content=\"[vc_row][vc_column width=\u00a0\u00bb1\/4&Prime;][\/vc_column][vc_column width=\u00a0\u00bb3\/4&Prime;][vc_column_text css=\u00a0\u00bb.vc_custom_1577725174129{margin-bottom: 5px !important;}\u00a0\u00bb] Cabinet de Ma\u00eetre L\u00e9a Doukhan [\/vc_column_text][vc_column_text css=\u00a0\u00bb.vc_custom_1464085683378{margin-top: 0px !important;border-top-width: 0px !important;padding-top: 0px !important;}\u00a0\u00bb] Avocat \u00e0 Paris [\/vc_column_text][\/vc_column][\/vc_row][vc_row][vc_column width=\u00a0\u00bb1\/4&Prime;][vc_column_text] \u00ab\u00a0Ouvre ta [\u2026]\" \/>\n<meta property=\"og:url\" content=\"https:\/\/lea-doukhan-avocat.fr\/index.php\/avocat-paris-cabinet\/\" \/>\n<meta property=\"og:site_name\" content=\"Ma\u00eetre L\u00e9a Doukhan\" \/>\n<meta property=\"article:modified_time\" content=\"2019-12-30T16:59:36+00:00\" \/>\n<meta name=\"twitter:card\" content=\"summary_large_image\" \/>\n<meta name=\"twitter:label1\" content=\"Dur\u00e9e de lecture estim\u00e9e\" \/>\n\t<meta name=\"twitter:data1\" content=\"2 minutes\" \/>\n<script type=\"application\/ld+json\" class=\"yoast-schema-graph\">{\"@context\":\"https:\/\/schema.org\",\"@graph\":[{\"@type\":\"Organization\",\"@id\":\"https:\/\/lea-doukhan-avocat.fr\/#organization\",\"name\":\"L\\u00e9a Doukhan Avocat Droit Commercial Paris\",\"url\":\"https:\/\/lea-doukhan-avocat.fr\/\",\"sameAs\":[],\"logo\":{\"@type\":\"ImageObject\",\"@id\":\"https:\/\/lea-doukhan-avocat.fr\/#logo\",\"inLanguage\":\"fr-FR\",\"url\":\"https:\/\/lea-doukhan-avocat.fr\/wp-content\/uploads\/2019\/12\/logo-LDA-HD-avocat-droit-commercial-paris-2.png\",\"contentUrl\":\"https:\/\/lea-doukhan-avocat.fr\/wp-content\/uploads\/2019\/12\/logo-LDA-HD-avocat-droit-commercial-paris-2.png\",\"width\":2598,\"height\":554,\"caption\":\"L\\u00e9a Doukhan Avocat Droit Commercial Paris\"},\"image\":{\"@id\":\"https:\/\/lea-doukhan-avocat.fr\/#logo\"}},{\"@type\":\"WebSite\",\"@id\":\"https:\/\/lea-doukhan-avocat.fr\/#website\",\"url\":\"https:\/\/lea-doukhan-avocat.fr\/\",\"name\":\"Ma\\u00eetre L\\u00e9a Doukhan\",\"description\":\"Avocat en droit commercial \\u00e0 Paris\",\"publisher\":{\"@id\":\"https:\/\/lea-doukhan-avocat.fr\/#organization\"},\"potentialAction\":[{\"@type\":\"SearchAction\",\"target\":{\"@type\":\"EntryPoint\",\"urlTemplate\":\"https:\/\/lea-doukhan-avocat.fr\/?s={search_term_string}\"},\"query-input\":\"required name=search_term_string\"}],\"inLanguage\":\"fr-FR\"},{\"@type\":\"WebPage\",\"@id\":\"https:\/\/lea-doukhan-avocat.fr\/index.php\/avocat-paris-cabinet\/#webpage\",\"url\":\"https:\/\/lea-doukhan-avocat.fr\/index.php\/avocat-paris-cabinet\/\",\"name\":\"LE CABINET | Ma\\u00eetre L\\u00e9a Doukhan\",\"isPartOf\":{\"@id\":\"https:\/\/lea-doukhan-avocat.fr\/#website\"},\"datePublished\":\"2016-01-13T09:18:50+00:00\",\"dateModified\":\"2019-12-30T16:59:36+00:00\",\"breadcrumb\":{\"@id\":\"https:\/\/lea-doukhan-avocat.fr\/index.php\/avocat-paris-cabinet\/#breadcrumb\"},\"inLanguage\":\"fr-FR\",\"potentialAction\":[{\"@type\":\"ReadAction\",\"target\":[\"https:\/\/lea-doukhan-avocat.fr\/index.php\/avocat-paris-cabinet\/\"]}]},{\"@type\":\"BreadcrumbList\",\"@id\":\"https:\/\/lea-doukhan-avocat.fr\/index.php\/avocat-paris-cabinet\/#breadcrumb\",\"itemListElement\":[{\"@type\":\"ListItem\",\"position\":1,\"name\":\"Accueil\",\"item\":\"https:\/\/lea-doukhan-avocat.fr\/\"},{\"@type\":\"ListItem\",\"position\":2,\"name\":\"LE CABINET\"}]}]}<\/script>\n<!-- \/ Yoast SEO plugin. -->","yoast_head_json":{"title":"LE CABINET | Ma\u00eetre L\u00e9a Doukhan","robots":{"index":"index","follow":"follow","max-snippet":"max-snippet:-1","max-image-preview":"max-image-preview:large","max-video-preview":"max-video-preview:-1"},"canonical":"https:\/\/lea-doukhan-avocat.fr\/index.php\/avocat-paris-cabinet\/","og_locale":"fr_FR","og_type":"article","og_title":"LE CABINET | Ma\u00eetre L\u00e9a Doukhan","og_description":"[vc_row][vc_column width=\u00a0\u00bb1\/4&Prime;][\/vc_column][vc_column width=\u00a0\u00bb3\/4&Prime;][vc_column_text css=\u00a0\u00bb.vc_custom_1577725174129{margin-bottom: 5px !important;}\u00a0\u00bb] Cabinet de Ma\u00eetre L\u00e9a Doukhan [\/vc_column_text][vc_column_text css=\u00a0\u00bb.vc_custom_1464085683378{margin-top: 0px !important;border-top-width: 0px !important;padding-top: 0px !important;}\u00a0\u00bb] Avocat \u00e0 Paris [\/vc_column_text][\/vc_column][\/vc_row][vc_row][vc_column width=\u00a0\u00bb1\/4&Prime;][vc_column_text] \u00ab\u00a0Ouvre ta [\u2026]","og_url":"https:\/\/lea-doukhan-avocat.fr\/index.php\/avocat-paris-cabinet\/","og_site_name":"Ma\u00eetre L\u00e9a Doukhan","article_modified_time":"2019-12-30T16:59:36+00:00","twitter_card":"summary_large_image","twitter_misc":{"Dur\u00e9e de lecture estim\u00e9e":"2 minutes"},"schema":{"@context":"https:\/\/schema.org","@graph":[{"@type":"Organization","@id":"https:\/\/lea-doukhan-avocat.fr\/#organization","name":"L\u00e9a Doukhan Avocat Droit Commercial Paris","url":"https:\/\/lea-doukhan-avocat.fr\/","sameAs":[],"logo":{"@type":"ImageObject","@id":"https:\/\/lea-doukhan-avocat.fr\/#logo","inLanguage":"fr-FR","url":"https:\/\/lea-doukhan-avocat.fr\/wp-content\/uploads\/2019\/12\/logo-LDA-HD-avocat-droit-commercial-paris-2.png","contentUrl":"https:\/\/lea-doukhan-avocat.fr\/wp-content\/uploads\/2019\/12\/logo-LDA-HD-avocat-droit-commercial-paris-2.png","width":2598,"height":554,"caption":"L\u00e9a Doukhan Avocat Droit Commercial Paris"},"image":{"@id":"https:\/\/lea-doukhan-avocat.fr\/#logo"}},{"@type":"WebSite","@id":"https:\/\/lea-doukhan-avocat.fr\/#website","url":"https:\/\/lea-doukhan-avocat.fr\/","name":"Ma\u00eetre L\u00e9a Doukhan","description":"Avocat en droit commercial \u00e0 Paris","publisher":{"@id":"https:\/\/lea-doukhan-avocat.fr\/#organization"},"potentialAction":[{"@type":"SearchAction","target":{"@type":"EntryPoint","urlTemplate":"https:\/\/lea-doukhan-avocat.fr\/?s={search_term_string}"},"query-input":"required name=search_term_string"}],"inLanguage":"fr-FR"},{"@type":"WebPage","@id":"https:\/\/lea-doukhan-avocat.fr\/index.php\/avocat-paris-cabinet\/#webpage","url":"https:\/\/lea-doukhan-avocat.fr\/index.php\/avocat-paris-cabinet\/","name":"LE CABINET | Ma\u00eetre L\u00e9a Doukhan","isPartOf":{"@id":"https:\/\/lea-doukhan-avocat.fr\/#website"},"datePublished":"2016-01-13T09:18:50+00:00","dateModified":"2019-12-30T16:59:36+00:00","breadcrumb":{"@id":"https:\/\/lea-doukhan-avocat.fr\/index.php\/avocat-paris-cabinet\/#breadcrumb"},"inLanguage":"fr-FR","potentialAction":[{"@type":"ReadAction","target":["https:\/\/lea-doukhan-avocat.fr\/index.php\/avocat-paris-cabinet\/"]}]},{"@type":"BreadcrumbList","@id":"https:\/\/lea-doukhan-avocat.fr\/index.php\/avocat-paris-cabinet\/#breadcrumb","itemListElement":[{"@type":"ListItem","position":1,"name":"Accueil","item":"https:\/\/lea-doukhan-avocat.fr\/"},{"@type":"ListItem","position":2,"name":"LE CABINET"}]}]}},"_links":{"self":[{"href":"https:\/\/lea-doukhan-avocat.fr\/index.php\/wp-json\/wp\/v2\/pages\/25"}],"collection":[{"href":"https:\/\/lea-doukhan-avocat.fr\/index.php\/wp-json\/wp\/v2\/pages"}],"about":[{"href":"https:\/\/lea-doukhan-avocat.fr\/index.php\/wp-json\/wp\/v2\/types\/page"}],"author":[{"embeddable":true,"href":"https:\/\/lea-doukhan-avocat.fr\/index.php\/wp-json\/wp\/v2\/users\/1"}],"replies":[{"embeddable":true,"href":"https:\/\/lea-doukhan-avocat.fr\/index.php\/wp-json\/wp\/v2\/comments?post=25"}],"version-history":[{"count":24,"href":"https:\/\/lea-doukhan-avocat.fr\/index.php\/wp-json\/wp\/v2\/pages\/25\/revisions"}],"predecessor-version":[{"id":371,"href":"https:\/\/lea-doukhan-avocat.fr\/index.php\/wp-json\/wp\/v2\/pages\/25\/revisions\/371"}],"wp:attachment":[{"href":"https:\/\/lea-doukhan-avocat.fr\/index.php\/wp-json\/wp\/v2\/media?parent=25"}],"curies":[{"name":"wp","href":"https:\/\/api.w.org\/{rel}","templated":true}]}}